{"id":103,"date":"2025-11-28T14:40:32","date_gmt":"2025-11-28T13:40:32","guid":{"rendered":"https:\/\/allfoto.pl\/?post_type=pgc_simply_gallery&#038;p=103"},"modified":"2025-11-28T16:28:46","modified_gmt":"2025-11-28T15:28:46","slug":"fotografia-slubna","status":"publish","type":"pgc_simply_gallery","link":"https:\/\/allfoto.pl\/index.php\/pgc_simply_gallery\/fotografia-slubna\/","title":{"rendered":"Fotografia \u015alubna"},"content":{"rendered":"<div class=\"pgc-sgb-cb wp-block-pgcsimplygalleryblock-masonry alignfull\" data-gallery-id=\"67e54550\"><div class=\"sgb-preloader\" id=\"pr_67e54550\">\n\t<div class=\"sgb-square\" style=\"background:#d4d4d4\"><\/div>\n\t<div class=\"sgb-square\" style=\"background:#d4d4d4\"><\/div>\n\t<div class=\"sgb-square\" style=\"background:#d4d4d4\"><\/div>\n\t<div class=\"sgb-square\" style=\"background:#d4d4d4\"><\/div><\/div><div class=\"simply-gallery-amp pgc_sgb_slider alignfull\" style=\"display: none;\"><div class=\"sgb-gallery\"><div class=\"sgb-item\"><a href=\"https:\/\/allfoto.pl\/index.php\/pgc_simply_gallery\/fotografia-slubna\/km20180055\/\" target=\"_blank\"><img decoding=\"async\" alt=\"\" width=\"200\" height=\"300\" loading=\"lazy\" src=\"https:\/\/allfoto.pl\/wp-content\/uploads\/2025\/11\/KM20180055-200x300.jpg\" srcset=\"https:\/\/allfoto.pl\/wp-content\/uploads\/2025\/11\/KM20180055-200x300.jpg 200w,https:\/\/allfoto.pl\/wp-content\/uploads\/2025\/11\/KM20180055-684x1024.jpg 684w,https:\/\/allfoto.pl\/wp-content\/uploads\/2025\/11\/KM20180055.jpg 1367w\" sizes=\"auto, 250px\"\/><\/a><\/div><div class=\"sgb-item\"><a href=\"https:\/\/allfoto.pl\/index.php\/pgc_simply_gallery\/fotografia-slubna\/km20180050\/\" target=\"_blank\"><img decoding=\"async\" alt=\"\" width=\"300\" height=\"200\" loading=\"lazy\" src=\"https:\/\/allfoto.pl\/wp-content\/uploads\/2025\/11\/KM20180050-300x200.jpg\" srcset=\"https:\/\/allfoto.pl\/wp-content\/uploads\/2025\/11\/KM20180050-300x200.jpg 300w,https:\/\/allfoto.pl\/wp-content\/uploads\/2025\/11\/KM20180050-1024x684.jpg 1024w,https:\/\/allfoto.pl\/wp-content\/uploads\/2025\/11\/KM20180050.jpg 2048w\" sizes=\"auto, 250px\"\/><\/a><\/div><div class=\"sgb-item\"><a href=\"https:\/\/allfoto.pl\/index.php\/pgc_simply_gallery\/fotografia-slubna\/km20180038\/\" target=\"_blank\"><img decoding=\"async\" alt=\"\" width=\"200\" height=\"300\" loading=\"lazy\" src=\"https:\/\/allfoto.pl\/wp-content\/uploads\/2025\/11\/KM20180038-200x300.jpg\" srcset=\"https:\/\/allfoto.pl\/wp-content\/uploads\/2025\/11\/KM20180038-200x300.jpg 200w,https:\/\/allfoto.pl\/wp-content\/uploads\/2025\/11\/KM20180038-683x1024.jpg 683w,https:\/\/allfoto.pl\/wp-content\/uploads\/2025\/11\/KM20180038.jpg 1365w\" sizes=\"auto, 250px\"\/><\/a><\/div><div class=\"sgb-item\"><a href=\"https:\/\/allfoto.pl\/index.php\/pgc_simply_gallery\/fotografia-slubna\/km20180039\/\" target=\"_blank\"><img decoding=\"async\" alt=\"\" width=\"300\" height=\"200\" loading=\"lazy\" src=\"https:\/\/allfoto.pl\/wp-content\/uploads\/2025\/11\/KM20180039-300x200.jpg\" srcset=\"https:\/\/allfoto.pl\/wp-content\/uploads\/2025\/11\/KM20180039-300x200.jpg 300w,https:\/\/allfoto.pl\/wp-content\/uploads\/2025\/11\/KM20180039-1024x684.jpg 1024w,https:\/\/allfoto.pl\/wp-content\/uploads\/2025\/11\/KM20180039.jpg 2048w\" sizes=\"auto, 250px\"\/><\/a><\/div><div class=\"sgb-item\"><a href=\"https:\/\/allfoto.pl\/index.php\/pgc_simply_gallery\/fotografia-slubna\/km20180013\/\" target=\"_blank\"><img decoding=\"async\" alt=\"\" width=\"200\" height=\"300\" loading=\"lazy\" src=\"https:\/\/allfoto.pl\/wp-content\/uploads\/2025\/11\/KM20180013-200x300.jpg\" srcset=\"https:\/\/allfoto.pl\/wp-content\/uploads\/2025\/11\/KM20180013-200x300.jpg 200w,https:\/\/allfoto.pl\/wp-content\/uploads\/2025\/11\/KM20180013-684x1024.jpg 684w,https:\/\/allfoto.pl\/wp-content\/uploads\/2025\/11\/KM20180013.jpg 1367w\" sizes=\"auto, 250px\"\/><\/a><\/div><div class=\"sgb-item\"><a href=\"https:\/\/allfoto.pl\/index.php\/pgc_simply_gallery\/fotografia-slubna\/km20180007\/\" target=\"_blank\"><img decoding=\"async\" alt=\"\" width=\"300\" height=\"200\" loading=\"lazy\" src=\"https:\/\/allfoto.pl\/wp-content\/uploads\/2025\/11\/KM20180007-300x200.jpg\" srcset=\"https:\/\/allfoto.pl\/wp-content\/uploads\/2025\/11\/KM20180007-300x200.jpg 300w,https:\/\/allfoto.pl\/wp-content\/uploads\/2025\/11\/KM20180007-1024x684.jpg 1024w,https:\/\/allfoto.pl\/wp-content\/uploads\/2025\/11\/KM20180007.jpg 2048w\" sizes=\"auto, 250px\"\/><\/a><\/div><div class=\"sgb-item\"><a href=\"https:\/\/allfoto.pl\/index.php\/pgc_simply_gallery\/fotografia-slubna\/km20180003\/\" target=\"_blank\"><img decoding=\"async\" alt=\"\" width=\"300\" height=\"200\" loading=\"lazy\" src=\"https:\/\/allfoto.pl\/wp-content\/uploads\/2025\/11\/KM20180003-300x200.jpg\" srcset=\"https:\/\/allfoto.pl\/wp-content\/uploads\/2025\/11\/KM20180003-300x200.jpg 300w,https:\/\/allfoto.pl\/wp-content\/uploads\/2025\/11\/KM20180003-1024x684.jpg 1024w,https:\/\/allfoto.pl\/wp-content\/uploads\/2025\/11\/KM20180003.jpg 2048w\" sizes=\"auto, 250px\"\/><\/a><\/div><div class=\"sgb-item\"><a href=\"https:\/\/allfoto.pl\/index.php\/pgc_simply_gallery\/fotografia-slubna\/a7303353\/\" target=\"_blank\"><img decoding=\"async\" alt=\"\" width=\"300\" height=\"200\" loading=\"lazy\" src=\"https:\/\/allfoto.pl\/wp-content\/uploads\/2025\/11\/A7303353-300x200.jpg\" srcset=\"https:\/\/allfoto.pl\/wp-content\/uploads\/2025\/11\/A7303353-300x200.jpg 300w,https:\/\/allfoto.pl\/wp-content\/uploads\/2025\/11\/A7303353-1024x683.jpg 1024w,https:\/\/allfoto.pl\/wp-content\/uploads\/2025\/11\/A7303353.jpg 2048w\" sizes=\"auto, 250px\"\/><\/a><\/div><div class=\"sgb-item\"><a href=\"https:\/\/allfoto.pl\/index.php\/pgc_simply_gallery\/fotografia-slubna\/a7302768\/\" target=\"_blank\"><img decoding=\"async\" alt=\"\" width=\"200\" height=\"300\" loading=\"lazy\" src=\"https:\/\/allfoto.pl\/wp-content\/uploads\/2025\/11\/A7302768-200x300.jpg\" srcset=\"https:\/\/allfoto.pl\/wp-content\/uploads\/2025\/11\/A7302768-200x300.jpg 200w,https:\/\/allfoto.pl\/wp-content\/uploads\/2025\/11\/A7302768-683x1024.jpg 683w,https:\/\/allfoto.pl\/wp-content\/uploads\/2025\/11\/A7302768.jpg 1365w\" sizes=\"auto, 250px\"\/><\/a><\/div><div class=\"sgb-item\"><a href=\"https:\/\/allfoto.pl\/index.php\/pgc_simply_gallery\/fotografia-slubna\/a7302572\/\" target=\"_blank\"><img decoding=\"async\" alt=\"\" width=\"200\" height=\"300\" loading=\"lazy\" src=\"https:\/\/allfoto.pl\/wp-content\/uploads\/2025\/11\/A7302572-200x300.jpg\" srcset=\"https:\/\/allfoto.pl\/wp-content\/uploads\/2025\/11\/A7302572-200x300.jpg 200w,https:\/\/allfoto.pl\/wp-content\/uploads\/2025\/11\/A7302572-683x1024.jpg 683w,https:\/\/allfoto.pl\/wp-content\/uploads\/2025\/11\/A7302572.jpg 1365w\" sizes=\"auto, 250px\"\/><\/a><\/div><div class=\"sgb-item\"><a href=\"https:\/\/allfoto.pl\/index.php\/pgc_simply_gallery\/fotografia-slubna\/a7302561\/\" target=\"_blank\"><img decoding=\"async\" alt=\"\" width=\"200\" height=\"300\" loading=\"lazy\" src=\"https:\/\/allfoto.pl\/wp-content\/uploads\/2025\/11\/A7302561-200x300.jpg\" srcset=\"https:\/\/allfoto.pl\/wp-content\/uploads\/2025\/11\/A7302561-200x300.jpg 200w,https:\/\/allfoto.pl\/wp-content\/uploads\/2025\/11\/A7302561-683x1024.jpg 683w,https:\/\/allfoto.pl\/wp-content\/uploads\/2025\/11\/A7302561.jpg 1365w\" sizes=\"auto, 250px\"\/><\/a><\/div><div class=\"sgb-item\"><a href=\"https:\/\/allfoto.pl\/index.php\/pgc_simply_gallery\/fotografia-slubna\/a7302542\/\" target=\"_blank\"><img decoding=\"async\" alt=\"\" width=\"300\" height=\"200\" loading=\"lazy\" src=\"https:\/\/allfoto.pl\/wp-content\/uploads\/2025\/11\/A7302542-300x200.jpg\" srcset=\"https:\/\/allfoto.pl\/wp-content\/uploads\/2025\/11\/A7302542-300x200.jpg 300w,https:\/\/allfoto.pl\/wp-content\/uploads\/2025\/11\/A7302542-1024x683.jpg 1024w,https:\/\/allfoto.pl\/wp-content\/uploads\/2025\/11\/A7302542.jpg 2048w\" sizes=\"auto, 250px\"\/><\/a><\/div><div class=\"sgb-item\"><a href=\"https:\/\/allfoto.pl\/index.php\/pgc_simply_gallery\/fotografia-slubna\/a7302503\/\" target=\"_blank\"><img decoding=\"async\" alt=\"\" width=\"200\" height=\"300\" loading=\"lazy\" src=\"https:\/\/allfoto.pl\/wp-content\/uploads\/2025\/11\/A7302503-200x300.jpg\" srcset=\"https:\/\/allfoto.pl\/wp-content\/uploads\/2025\/11\/A7302503-200x300.jpg 200w,https:\/\/allfoto.pl\/wp-content\/uploads\/2025\/11\/A7302503-683x1024.jpg 683w,https:\/\/allfoto.pl\/wp-content\/uploads\/2025\/11\/A7302503.jpg 1365w\" sizes=\"auto, 250px\"\/><\/a><\/div><div class=\"sgb-item\"><a href=\"https:\/\/allfoto.pl\/index.php\/pgc_simply_gallery\/fotografia-slubna\/a7302472\/\" target=\"_blank\"><img decoding=\"async\" alt=\"\" width=\"300\" height=\"200\" loading=\"lazy\" src=\"https:\/\/allfoto.pl\/wp-content\/uploads\/2025\/11\/A7302472-300x200.jpg\" srcset=\"https:\/\/allfoto.pl\/wp-content\/uploads\/2025\/11\/A7302472-300x200.jpg 300w,https:\/\/allfoto.pl\/wp-content\/uploads\/2025\/11\/A7302472-1024x683.jpg 1024w,https:\/\/allfoto.pl\/wp-content\/uploads\/2025\/11\/A7302472.jpg 2048w\" sizes=\"auto, 250px\"\/><\/a><\/div><div class=\"sgb-item\"><a href=\"https:\/\/allfoto.pl\/index.php\/pgc_simply_gallery\/fotografia-slubna\/a7302460-3\/\" target=\"_blank\"><img decoding=\"async\" alt=\"\" width=\"200\" height=\"300\" loading=\"lazy\" src=\"https:\/\/allfoto.pl\/wp-content\/uploads\/2025\/11\/A7302460-200x300.jpg\" srcset=\"https:\/\/allfoto.pl\/wp-content\/uploads\/2025\/11\/A7302460-200x300.jpg 200w,https:\/\/allfoto.pl\/wp-content\/uploads\/2025\/11\/A7302460-683x1024.jpg 683w,https:\/\/allfoto.pl\/wp-content\/uploads\/2025\/11\/A7302460.jpg 1365w\" sizes=\"auto, 250px\"\/><\/a><\/div><div class=\"sgb-item\"><a href=\"https:\/\/allfoto.pl\/index.php\/pgc_simply_gallery\/fotografia-slubna\/a7302450\/\" target=\"_blank\"><img decoding=\"async\" alt=\"\" width=\"200\" height=\"300\" loading=\"lazy\" src=\"https:\/\/allfoto.pl\/wp-content\/uploads\/2025\/11\/A7302450-200x300.jpg\" srcset=\"https:\/\/allfoto.pl\/wp-content\/uploads\/2025\/11\/A7302450-200x300.jpg 200w,https:\/\/allfoto.pl\/wp-content\/uploads\/2025\/11\/A7302450-683x1024.jpg 683w,https:\/\/allfoto.pl\/wp-content\/uploads\/2025\/11\/A7302450.jpg 1365w\" sizes=\"auto, 250px\"\/><\/a><\/div><div class=\"sgb-item\"><a href=\"https:\/\/allfoto.pl\/index.php\/pgc_simply_gallery\/fotografia-slubna\/a7302396\/\" target=\"_blank\"><img decoding=\"async\" alt=\"\" width=\"300\" height=\"200\" loading=\"lazy\" src=\"https:\/\/allfoto.pl\/wp-content\/uploads\/2025\/11\/A7302396-300x200.jpg\" srcset=\"https:\/\/allfoto.pl\/wp-content\/uploads\/2025\/11\/A7302396-300x200.jpg 300w,https:\/\/allfoto.pl\/wp-content\/uploads\/2025\/11\/A7302396-1024x683.jpg 1024w,https:\/\/allfoto.pl\/wp-content\/uploads\/2025\/11\/A7302396.jpg 2048w\" sizes=\"auto, 250px\"\/><\/a><\/div><div class=\"sgb-item\"><a href=\"https:\/\/allfoto.pl\/index.php\/pgc_simply_gallery\/fotografia-slubna\/a7302386\/\" target=\"_blank\"><img decoding=\"async\" alt=\"\" width=\"300\" height=\"200\" loading=\"lazy\" src=\"https:\/\/allfoto.pl\/wp-content\/uploads\/2025\/11\/A7302386-300x200.jpg\" srcset=\"https:\/\/allfoto.pl\/wp-content\/uploads\/2025\/11\/A7302386-300x200.jpg 300w,https:\/\/allfoto.pl\/wp-content\/uploads\/2025\/11\/A7302386-1024x683.jpg 1024w,https:\/\/allfoto.pl\/wp-content\/uploads\/2025\/11\/A7302386.jpg 2048w\" sizes=\"auto, 250px\"\/><\/a><\/div><div class=\"sgb-item\"><a href=\"https:\/\/allfoto.pl\/index.php\/pgc_simply_gallery\/fotografia-slubna\/b_m0397-2\/\" target=\"_blank\"><img decoding=\"async\" alt=\"\" width=\"300\" height=\"200\" loading=\"lazy\" src=\"https:\/\/allfoto.pl\/wp-content\/uploads\/2025\/11\/B_M0397-1-300x200.jpg\" srcset=\"https:\/\/allfoto.pl\/wp-content\/uploads\/2025\/11\/B_M0397-1-300x200.jpg 300w,https:\/\/allfoto.pl\/wp-content\/uploads\/2025\/11\/B_M0397-1-1024x684.jpg 1024w,https:\/\/allfoto.pl\/wp-content\/uploads\/2025\/11\/B_M0397-1.jpg 2048w\" sizes=\"auto, 250px\"\/><\/a><\/div><\/div><\/div><script type=\"application\/json\" class=\"sgb-data\">{\"galleryType\":\"pgc_sgb_masonry\",\"align\":\"full\",\"galleryId\":\"67e54550\",\"images\":[{\"id\":128,\"title\":\"K\\u0026amp;M20180055\",\"url\":\"https:\/\/allfoto.pl\/wp-content\/uploads\/2025\/11\/KM20180055.jpg\",\"link\":\"https:\/\/allfoto.pl\/index.php\/pgc_simply_gallery\/fotografia-slubna\/km20180055\/\",\"alt\":\"\",\"description\":\"\",\"caption\":\"\",\"mime\":\"image\/jpeg\",\"type\":\"image\",\"width\":1367,\"height\":2048,\"sizes\":{\"thumbnail\":{\"height\":150,\"width\":150,\"url\":\"https:\/\/allfoto.pl\/wp-content\/uploads\/2025\/11\/KM20180055-150x150.jpg\",\"orientation\":\"landscape\"},\"medium\":{\"height\":300,\"width\":200,\"url\":\"https:\/\/allfoto.pl\/wp-content\/uploads\/2025\/11\/KM20180055-200x300.jpg\",\"orientation\":\"portrait\"},\"large\":{\"height\":1024,\"width\":684,\"url\":\"https:\/\/allfoto.pl\/wp-content\/uploads\/2025\/11\/KM20180055-684x1024.jpg\",\"orientation\":\"portrait\"},\"full\":{\"url\":\"https:\/\/allfoto.pl\/wp-content\/uploads\/2025\/11\/KM20180055.jpg\",\"height\":2048,\"width\":1367,\"orientation\":\"portrait\"}},\"imageMeta\":{\"aperture\":\"2\",\"credit\":\"ALEKSANDER LACHOWICZ\",\"camera\":\"NIKON D750\",\"caption\":\"\",\"created_timestamp\":\"1536410944\",\"copyright\":\"\",\"focal_length\":\"50\",\"iso\":\"640\",\"shutter_speed\":\"0.000625\",\"title\":\"\",\"orientation\":\"0\",\"keywords\":[]},\"meta\":false,\"postlink\":\"https:\/\/allfoto.pl\/index.php\/pgc_simply_gallery\/fotografia-slubna\/km20180055\/\"},{\"id\":127,\"title\":\"K\\u0026amp;M20180050\",\"url\":\"https:\/\/allfoto.pl\/wp-content\/uploads\/2025\/11\/KM20180050.jpg\",\"link\":\"https:\/\/allfoto.pl\/index.php\/pgc_simply_gallery\/fotografia-slubna\/km20180050\/\",\"alt\":\"\",\"description\":\"\",\"caption\":\"\",\"mime\":\"image\/jpeg\",\"type\":\"image\",\"width\":2048,\"height\":1367,\"sizes\":{\"thumbnail\":{\"height\":150,\"width\":150,\"url\":\"https:\/\/allfoto.pl\/wp-content\/uploads\/2025\/11\/KM20180050-150x150.jpg\",\"orientation\":\"landscape\"},\"medium\":{\"height\":200,\"width\":300,\"url\":\"https:\/\/allfoto.pl\/wp-content\/uploads\/2025\/11\/KM20180050-300x200.jpg\",\"orientation\":\"landscape\"},\"large\":{\"height\":684,\"width\":1024,\"url\":\"https:\/\/allfoto.pl\/wp-content\/uploads\/2025\/11\/KM20180050-1024x684.jpg\",\"orientation\":\"landscape\"},\"full\":{\"url\":\"https:\/\/allfoto.pl\/wp-content\/uploads\/2025\/11\/KM20180050.jpg\",\"height\":1367,\"width\":2048,\"orientation\":\"landscape\"}},\"imageMeta\":{\"aperture\":\"2.8\",\"credit\":\"ALEKSANDER LACHOWICZ\",\"camera\":\"NIKON D750\",\"caption\":\"\",\"created_timestamp\":\"1536410552\",\"copyright\":\"\",\"focal_length\":\"50\",\"iso\":\"2000\",\"shutter_speed\":\"0.002\",\"title\":\"\",\"orientation\":\"0\",\"keywords\":[]},\"meta\":false,\"postlink\":\"https:\/\/allfoto.pl\/index.php\/pgc_simply_gallery\/fotografia-slubna\/km20180050\/\"},{\"id\":126,\"title\":\"K\\u0026amp;M20180038\",\"url\":\"https:\/\/allfoto.pl\/wp-content\/uploads\/2025\/11\/KM20180038.jpg\",\"link\":\"https:\/\/allfoto.pl\/index.php\/pgc_simply_gallery\/fotografia-slubna\/km20180038\/\",\"alt\":\"\",\"description\":\"\",\"caption\":\"\",\"mime\":\"image\/jpeg\",\"type\":\"image\",\"width\":1365,\"height\":2048,\"sizes\":{\"thumbnail\":{\"height\":150,\"width\":150,\"url\":\"https:\/\/allfoto.pl\/wp-content\/uploads\/2025\/11\/KM20180038-150x150.jpg\",\"orientation\":\"landscape\"},\"medium\":{\"height\":300,\"width\":200,\"url\":\"https:\/\/allfoto.pl\/wp-content\/uploads\/2025\/11\/KM20180038-200x300.jpg\",\"orientation\":\"portrait\"},\"large\":{\"height\":1024,\"width\":683,\"url\":\"https:\/\/allfoto.pl\/wp-content\/uploads\/2025\/11\/KM20180038-683x1024.jpg\",\"orientation\":\"portrait\"},\"full\":{\"url\":\"https:\/\/allfoto.pl\/wp-content\/uploads\/2025\/11\/KM20180038.jpg\",\"height\":2048,\"width\":1365,\"orientation\":\"portrait\"}},\"imageMeta\":{\"aperture\":\"2.8\",\"credit\":\"ALEKSANDER LACHOWICZ\",\"camera\":\"NIKON D750\",\"caption\":\"\",\"created_timestamp\":\"1536410153\",\"copyright\":\"\",\"focal_length\":\"50\",\"iso\":\"2000\",\"shutter_speed\":\"0.002\",\"title\":\"\",\"orientation\":\"0\",\"keywords\":[]},\"meta\":false,\"postlink\":\"https:\/\/allfoto.pl\/index.php\/pgc_simply_gallery\/fotografia-slubna\/km20180038\/\"},{\"id\":125,\"title\":\"K\\u0026amp;M20180039\",\"url\":\"https:\/\/allfoto.pl\/wp-content\/uploads\/2025\/11\/KM20180039.jpg\",\"link\":\"https:\/\/allfoto.pl\/index.php\/pgc_simply_gallery\/fotografia-slubna\/km20180039\/\",\"alt\":\"\",\"description\":\"\",\"caption\":\"\",\"mime\":\"image\/jpeg\",\"type\":\"image\",\"width\":2048,\"height\":1367,\"sizes\":{\"thumbnail\":{\"height\":150,\"width\":150,\"url\":\"https:\/\/allfoto.pl\/wp-content\/uploads\/2025\/11\/KM20180039-150x150.jpg\",\"orientation\":\"landscape\"},\"medium\":{\"height\":200,\"width\":300,\"url\":\"https:\/\/allfoto.pl\/wp-content\/uploads\/2025\/11\/KM20180039-300x200.jpg\",\"orientation\":\"landscape\"},\"large\":{\"height\":684,\"width\":1024,\"url\":\"https:\/\/allfoto.pl\/wp-content\/uploads\/2025\/11\/KM20180039-1024x684.jpg\",\"orientation\":\"landscape\"},\"full\":{\"url\":\"https:\/\/allfoto.pl\/wp-content\/uploads\/2025\/11\/KM20180039.jpg\",\"height\":1367,\"width\":2048,\"orientation\":\"landscape\"}},\"imageMeta\":{\"aperture\":\"2.8\",\"credit\":\"ALEKSANDER LACHOWICZ\",\"camera\":\"NIKON D750\",\"caption\":\"\",\"created_timestamp\":\"1536410245\",\"copyright\":\"\",\"focal_length\":\"50\",\"iso\":\"2000\",\"shutter_speed\":\"0.002\",\"title\":\"\",\"orientation\":\"0\",\"keywords\":[]},\"meta\":false,\"postlink\":\"https:\/\/allfoto.pl\/index.php\/pgc_simply_gallery\/fotografia-slubna\/km20180039\/\"},{\"id\":124,\"title\":\"K\\u0026amp;M20180013\",\"url\":\"https:\/\/allfoto.pl\/wp-content\/uploads\/2025\/11\/KM20180013.jpg\",\"link\":\"https:\/\/allfoto.pl\/index.php\/pgc_simply_gallery\/fotografia-slubna\/km20180013\/\",\"alt\":\"\",\"description\":\"\",\"caption\":\"\",\"mime\":\"image\/jpeg\",\"type\":\"image\",\"width\":1367,\"height\":2048,\"sizes\":{\"thumbnail\":{\"height\":150,\"width\":150,\"url\":\"https:\/\/allfoto.pl\/wp-content\/uploads\/2025\/11\/KM20180013-150x150.jpg\",\"orientation\":\"landscape\"},\"medium\":{\"height\":300,\"width\":200,\"url\":\"https:\/\/allfoto.pl\/wp-content\/uploads\/2025\/11\/KM20180013-200x300.jpg\",\"orientation\":\"portrait\"},\"large\":{\"height\":1024,\"width\":684,\"url\":\"https:\/\/allfoto.pl\/wp-content\/uploads\/2025\/11\/KM20180013-684x1024.jpg\",\"orientation\":\"portrait\"},\"full\":{\"url\":\"https:\/\/allfoto.pl\/wp-content\/uploads\/2025\/11\/KM20180013.jpg\",\"height\":2048,\"width\":1367,\"orientation\":\"portrait\"}},\"imageMeta\":{\"aperture\":\"2.8\",\"credit\":\"ALEKSANDER LACHOWICZ\",\"camera\":\"NIKON D750\",\"caption\":\"\",\"created_timestamp\":\"1536407967\",\"copyright\":\"\",\"focal_length\":\"68\",\"iso\":\"2000\",\"shutter_speed\":\"0.008\",\"title\":\"\",\"orientation\":\"0\",\"keywords\":[]},\"meta\":false,\"postlink\":\"https:\/\/allfoto.pl\/index.php\/pgc_simply_gallery\/fotografia-slubna\/km20180013\/\"},{\"id\":123,\"title\":\"K\\u0026amp;M20180007\",\"url\":\"https:\/\/allfoto.pl\/wp-content\/uploads\/2025\/11\/KM20180007.jpg\",\"link\":\"https:\/\/allfoto.pl\/index.php\/pgc_simply_gallery\/fotografia-slubna\/km20180007\/\",\"alt\":\"\",\"description\":\"\",\"caption\":\"\",\"mime\":\"image\/jpeg\",\"type\":\"image\",\"width\":2048,\"height\":1367,\"sizes\":{\"thumbnail\":{\"height\":150,\"width\":150,\"url\":\"https:\/\/allfoto.pl\/wp-content\/uploads\/2025\/11\/KM20180007-150x150.jpg\",\"orientation\":\"landscape\"},\"medium\":{\"height\":200,\"width\":300,\"url\":\"https:\/\/allfoto.pl\/wp-content\/uploads\/2025\/11\/KM20180007-300x200.jpg\",\"orientation\":\"landscape\"},\"large\":{\"height\":684,\"width\":1024,\"url\":\"https:\/\/allfoto.pl\/wp-content\/uploads\/2025\/11\/KM20180007-1024x684.jpg\",\"orientation\":\"landscape\"},\"full\":{\"url\":\"https:\/\/allfoto.pl\/wp-content\/uploads\/2025\/11\/KM20180007.jpg\",\"height\":1367,\"width\":2048,\"orientation\":\"landscape\"}},\"imageMeta\":{\"aperture\":\"2.8\",\"credit\":\"ALEKSANDER LACHOWICZ\",\"camera\":\"NIKON D750\",\"caption\":\"\",\"created_timestamp\":\"1536407361\",\"copyright\":\"\",\"focal_length\":\"32\",\"iso\":\"2000\",\"shutter_speed\":\"0.003125\",\"title\":\"\",\"orientation\":\"0\",\"keywords\":[]},\"meta\":false,\"postlink\":\"https:\/\/allfoto.pl\/index.php\/pgc_simply_gallery\/fotografia-slubna\/km20180007\/\"},{\"id\":122,\"title\":\"K\\u0026amp;M20180003\",\"url\":\"https:\/\/allfoto.pl\/wp-content\/uploads\/2025\/11\/KM20180003.jpg\",\"link\":\"https:\/\/allfoto.pl\/index.php\/pgc_simply_gallery\/fotografia-slubna\/km20180003\/\",\"alt\":\"\",\"description\":\"\",\"caption\":\"\",\"mime\":\"image\/jpeg\",\"type\":\"image\",\"width\":2048,\"height\":1367,\"sizes\":{\"thumbnail\":{\"height\":150,\"width\":150,\"url\":\"https:\/\/allfoto.pl\/wp-content\/uploads\/2025\/11\/KM20180003-150x150.jpg\",\"orientation\":\"landscape\"},\"medium\":{\"height\":200,\"width\":300,\"url\":\"https:\/\/allfoto.pl\/wp-content\/uploads\/2025\/11\/KM20180003-300x200.jpg\",\"orientation\":\"landscape\"},\"large\":{\"height\":684,\"width\":1024,\"url\":\"https:\/\/allfoto.pl\/wp-content\/uploads\/2025\/11\/KM20180003-1024x684.jpg\",\"orientation\":\"landscape\"},\"full\":{\"url\":\"https:\/\/allfoto.pl\/wp-content\/uploads\/2025\/11\/KM20180003.jpg\",\"height\":1367,\"width\":2048,\"orientation\":\"landscape\"}},\"imageMeta\":{\"aperture\":\"2.8\",\"credit\":\"ALEKSANDER LACHOWICZ\",\"camera\":\"NIKON D750\",\"caption\":\"\",\"created_timestamp\":\"1536406951\",\"copyright\":\"\",\"focal_length\":\"70\",\"iso\":\"2000\",\"shutter_speed\":\"0.003125\",\"title\":\"\",\"orientation\":\"0\",\"keywords\":[]},\"meta\":false,\"postlink\":\"https:\/\/allfoto.pl\/index.php\/pgc_simply_gallery\/fotografia-slubna\/km20180003\/\"},{\"id\":121,\"title\":\"A7303353\",\"url\":\"https:\/\/allfoto.pl\/wp-content\/uploads\/2025\/11\/A7303353.jpg\",\"link\":\"https:\/\/allfoto.pl\/index.php\/pgc_simply_gallery\/fotografia-slubna\/a7303353\/\",\"alt\":\"\",\"description\":\"\",\"caption\":\"\",\"mime\":\"image\/jpeg\",\"type\":\"image\",\"width\":2048,\"height\":1365,\"sizes\":{\"thumbnail\":{\"height\":150,\"width\":150,\"url\":\"https:\/\/allfoto.pl\/wp-content\/uploads\/2025\/11\/A7303353-150x150.jpg\",\"orientation\":\"landscape\"},\"medium\":{\"height\":200,\"width\":300,\"url\":\"https:\/\/allfoto.pl\/wp-content\/uploads\/2025\/11\/A7303353-300x200.jpg\",\"orientation\":\"landscape\"},\"large\":{\"height\":683,\"width\":1024,\"url\":\"https:\/\/allfoto.pl\/wp-content\/uploads\/2025\/11\/A7303353-1024x683.jpg\",\"orientation\":\"landscape\"},\"full\":{\"url\":\"https:\/\/allfoto.pl\/wp-content\/uploads\/2025\/11\/A7303353.jpg\",\"height\":1365,\"width\":2048,\"orientation\":\"landscape\"}},\"imageMeta\":{\"aperture\":\"0\",\"credit\":\"\",\"camera\":\"\",\"caption\":\"\",\"created_timestamp\":\"1621202536\",\"copyright\":\"\",\"focal_length\":\"0\",\"iso\":\"0\",\"shutter_speed\":\"0\",\"title\":\"\",\"orientation\":\"0\",\"keywords\":[]},\"meta\":false,\"postlink\":\"https:\/\/allfoto.pl\/index.php\/pgc_simply_gallery\/fotografia-slubna\/a7303353\/\"},{\"id\":120,\"title\":\"A7302768\",\"url\":\"https:\/\/allfoto.pl\/wp-content\/uploads\/2025\/11\/A7302768.jpg\",\"link\":\"https:\/\/allfoto.pl\/index.php\/pgc_simply_gallery\/fotografia-slubna\/a7302768\/\",\"alt\":\"\",\"description\":\"\",\"caption\":\"\",\"mime\":\"image\/jpeg\",\"type\":\"image\",\"width\":1365,\"height\":2048,\"sizes\":{\"thumbnail\":{\"height\":150,\"width\":150,\"url\":\"https:\/\/allfoto.pl\/wp-content\/uploads\/2025\/11\/A7302768-150x150.jpg\",\"orientation\":\"landscape\"},\"medium\":{\"height\":300,\"width\":200,\"url\":\"https:\/\/allfoto.pl\/wp-content\/uploads\/2025\/11\/A7302768-200x300.jpg\",\"orientation\":\"portrait\"},\"large\":{\"height\":1024,\"width\":683,\"url\":\"https:\/\/allfoto.pl\/wp-content\/uploads\/2025\/11\/A7302768-683x1024.jpg\",\"orientation\":\"portrait\"},\"full\":{\"url\":\"https:\/\/allfoto.pl\/wp-content\/uploads\/2025\/11\/A7302768.jpg\",\"height\":2048,\"width\":1365,\"orientation\":\"portrait\"}},\"imageMeta\":{\"aperture\":\"2\",\"credit\":\"\",\"camera\":\"ILCE-7M3\",\"caption\":\"\",\"created_timestamp\":\"1613911160\",\"copyright\":\"\",\"focal_length\":\"85\",\"iso\":\"100\",\"shutter_speed\":\"0.004\",\"title\":\"\",\"orientation\":\"0\",\"keywords\":[]},\"meta\":false,\"postlink\":\"https:\/\/allfoto.pl\/index.php\/pgc_simply_gallery\/fotografia-slubna\/a7302768\/\"},{\"id\":119,\"title\":\"A7302572\",\"url\":\"https:\/\/allfoto.pl\/wp-content\/uploads\/2025\/11\/A7302572.jpg\",\"link\":\"https:\/\/allfoto.pl\/index.php\/pgc_simply_gallery\/fotografia-slubna\/a7302572\/\",\"alt\":\"\",\"description\":\"\",\"caption\":\"\",\"mime\":\"image\/jpeg\",\"type\":\"image\",\"width\":1365,\"height\":2048,\"sizes\":{\"thumbnail\":{\"height\":150,\"width\":150,\"url\":\"https:\/\/allfoto.pl\/wp-content\/uploads\/2025\/11\/A7302572-150x150.jpg\",\"orientation\":\"landscape\"},\"medium\":{\"height\":300,\"width\":200,\"url\":\"https:\/\/allfoto.pl\/wp-content\/uploads\/2025\/11\/A7302572-200x300.jpg\",\"orientation\":\"portrait\"},\"large\":{\"height\":1024,\"width\":683,\"url\":\"https:\/\/allfoto.pl\/wp-content\/uploads\/2025\/11\/A7302572-683x1024.jpg\",\"orientation\":\"portrait\"},\"full\":{\"url\":\"https:\/\/allfoto.pl\/wp-content\/uploads\/2025\/11\/A7302572.jpg\",\"height\":2048,\"width\":1365,\"orientation\":\"portrait\"}},\"imageMeta\":{\"aperture\":\"1.8\",\"credit\":\"\",\"camera\":\"ILCE-7M3\",\"caption\":\"\",\"created_timestamp\":\"1613910027\",\"copyright\":\"\",\"focal_length\":\"85\",\"iso\":\"100\",\"shutter_speed\":\"0.0025\",\"title\":\"\",\"orientation\":\"0\",\"keywords\":[]},\"meta\":false,\"postlink\":\"https:\/\/allfoto.pl\/index.php\/pgc_simply_gallery\/fotografia-slubna\/a7302572\/\"},{\"id\":118,\"title\":\"A7302561\",\"url\":\"https:\/\/allfoto.pl\/wp-content\/uploads\/2025\/11\/A7302561.jpg\",\"link\":\"https:\/\/allfoto.pl\/index.php\/pgc_simply_gallery\/fotografia-slubna\/a7302561\/\",\"alt\":\"\",\"description\":\"\",\"caption\":\"\",\"mime\":\"image\/jpeg\",\"type\":\"image\",\"width\":1365,\"height\":2048,\"sizes\":{\"thumbnail\":{\"height\":150,\"width\":150,\"url\":\"https:\/\/allfoto.pl\/wp-content\/uploads\/2025\/11\/A7302561-150x150.jpg\",\"orientation\":\"landscape\"},\"medium\":{\"height\":300,\"width\":200,\"url\":\"https:\/\/allfoto.pl\/wp-content\/uploads\/2025\/11\/A7302561-200x300.jpg\",\"orientation\":\"portrait\"},\"large\":{\"height\":1024,\"width\":683,\"url\":\"https:\/\/allfoto.pl\/wp-content\/uploads\/2025\/11\/A7302561-683x1024.jpg\",\"orientation\":\"portrait\"},\"full\":{\"url\":\"https:\/\/allfoto.pl\/wp-content\/uploads\/2025\/11\/A7302561.jpg\",\"height\":2048,\"width\":1365,\"orientation\":\"portrait\"}},\"imageMeta\":{\"aperture\":\"1.8\",\"credit\":\"\",\"camera\":\"ILCE-7M3\",\"caption\":\"\",\"created_timestamp\":\"1613909967\",\"copyright\":\"\",\"focal_length\":\"85\",\"iso\":\"100\",\"shutter_speed\":\"0.0025\",\"title\":\"\",\"orientation\":\"0\",\"keywords\":[]},\"meta\":false,\"postlink\":\"https:\/\/allfoto.pl\/index.php\/pgc_simply_gallery\/fotografia-slubna\/a7302561\/\"},{\"id\":117,\"title\":\"A7302542\",\"url\":\"https:\/\/allfoto.pl\/wp-content\/uploads\/2025\/11\/A7302542.jpg\",\"link\":\"https:\/\/allfoto.pl\/index.php\/pgc_simply_gallery\/fotografia-slubna\/a7302542\/\",\"alt\":\"\",\"description\":\"\",\"caption\":\"\",\"mime\":\"image\/jpeg\",\"type\":\"image\",\"width\":2048,\"height\":1365,\"sizes\":{\"thumbnail\":{\"height\":150,\"width\":150,\"url\":\"https:\/\/allfoto.pl\/wp-content\/uploads\/2025\/11\/A7302542-150x150.jpg\",\"orientation\":\"landscape\"},\"medium\":{\"height\":200,\"width\":300,\"url\":\"https:\/\/allfoto.pl\/wp-content\/uploads\/2025\/11\/A7302542-300x200.jpg\",\"orientation\":\"landscape\"},\"large\":{\"height\":683,\"width\":1024,\"url\":\"https:\/\/allfoto.pl\/wp-content\/uploads\/2025\/11\/A7302542-1024x683.jpg\",\"orientation\":\"landscape\"},\"full\":{\"url\":\"https:\/\/allfoto.pl\/wp-content\/uploads\/2025\/11\/A7302542.jpg\",\"height\":1365,\"width\":2048,\"orientation\":\"landscape\"}},\"imageMeta\":{\"aperture\":\"1.8\",\"credit\":\"\",\"camera\":\"ILCE-7M3\",\"caption\":\"\",\"created_timestamp\":\"1613909124\",\"copyright\":\"\",\"focal_length\":\"85\",\"iso\":\"100\",\"shutter_speed\":\"0.0015625\",\"title\":\"\",\"orientation\":\"0\",\"keywords\":[]},\"meta\":false,\"postlink\":\"https:\/\/allfoto.pl\/index.php\/pgc_simply_gallery\/fotografia-slubna\/a7302542\/\"},{\"id\":116,\"title\":\"A7302503\",\"url\":\"https:\/\/allfoto.pl\/wp-content\/uploads\/2025\/11\/A7302503.jpg\",\"link\":\"https:\/\/allfoto.pl\/index.php\/pgc_simply_gallery\/fotografia-slubna\/a7302503\/\",\"alt\":\"\",\"description\":\"\",\"caption\":\"\",\"mime\":\"image\/jpeg\",\"type\":\"image\",\"width\":1365,\"height\":2048,\"sizes\":{\"thumbnail\":{\"height\":150,\"width\":150,\"url\":\"https:\/\/allfoto.pl\/wp-content\/uploads\/2025\/11\/A7302503-150x150.jpg\",\"orientation\":\"landscape\"},\"medium\":{\"height\":300,\"width\":200,\"url\":\"https:\/\/allfoto.pl\/wp-content\/uploads\/2025\/11\/A7302503-200x300.jpg\",\"orientation\":\"portrait\"},\"large\":{\"height\":1024,\"width\":683,\"url\":\"https:\/\/allfoto.pl\/wp-content\/uploads\/2025\/11\/A7302503-683x1024.jpg\",\"orientation\":\"portrait\"},\"full\":{\"url\":\"https:\/\/allfoto.pl\/wp-content\/uploads\/2025\/11\/A7302503.jpg\",\"height\":2048,\"width\":1365,\"orientation\":\"portrait\"}},\"imageMeta\":{\"aperture\":\"1.8\",\"credit\":\"\",\"camera\":\"ILCE-7M3\",\"caption\":\"\",\"created_timestamp\":\"1613908413\",\"copyright\":\"\",\"focal_length\":\"85\",\"iso\":\"100\",\"shutter_speed\":\"0.00125\",\"title\":\"\",\"orientation\":\"0\",\"keywords\":[]},\"meta\":false,\"postlink\":\"https:\/\/allfoto.pl\/index.php\/pgc_simply_gallery\/fotografia-slubna\/a7302503\/\"},{\"id\":115,\"title\":\"A7302472\",\"url\":\"https:\/\/allfoto.pl\/wp-content\/uploads\/2025\/11\/A7302472.jpg\",\"link\":\"https:\/\/allfoto.pl\/index.php\/pgc_simply_gallery\/fotografia-slubna\/a7302472\/\",\"alt\":\"\",\"description\":\"\",\"caption\":\"\",\"mime\":\"image\/jpeg\",\"type\":\"image\",\"width\":2048,\"height\":1365,\"sizes\":{\"thumbnail\":{\"height\":150,\"width\":150,\"url\":\"https:\/\/allfoto.pl\/wp-content\/uploads\/2025\/11\/A7302472-150x150.jpg\",\"orientation\":\"landscape\"},\"medium\":{\"height\":200,\"width\":300,\"url\":\"https:\/\/allfoto.pl\/wp-content\/uploads\/2025\/11\/A7302472-300x200.jpg\",\"orientation\":\"landscape\"},\"large\":{\"height\":683,\"width\":1024,\"url\":\"https:\/\/allfoto.pl\/wp-content\/uploads\/2025\/11\/A7302472-1024x683.jpg\",\"orientation\":\"landscape\"},\"full\":{\"url\":\"https:\/\/allfoto.pl\/wp-content\/uploads\/2025\/11\/A7302472.jpg\",\"height\":1365,\"width\":2048,\"orientation\":\"landscape\"}},\"imageMeta\":{\"aperture\":\"0\",\"credit\":\"\",\"camera\":\"\",\"caption\":\"\",\"created_timestamp\":\"0\",\"copyright\":\"\",\"focal_length\":\"0\",\"iso\":\"0\",\"shutter_speed\":\"0\",\"title\":\"\",\"orientation\":\"0\",\"keywords\":[]},\"meta\":false,\"postlink\":\"https:\/\/allfoto.pl\/index.php\/pgc_simply_gallery\/fotografia-slubna\/a7302472\/\"},{\"id\":114,\"title\":\"A7302460\",\"url\":\"https:\/\/allfoto.pl\/wp-content\/uploads\/2025\/11\/A7302460.jpg\",\"link\":\"https:\/\/allfoto.pl\/index.php\/pgc_simply_gallery\/fotografia-slubna\/a7302460-3\/\",\"alt\":\"\",\"description\":\"\",\"caption\":\"\",\"mime\":\"image\/jpeg\",\"type\":\"image\",\"width\":1365,\"height\":2048,\"sizes\":{\"thumbnail\":{\"height\":150,\"width\":150,\"url\":\"https:\/\/allfoto.pl\/wp-content\/uploads\/2025\/11\/A7302460-150x150.jpg\",\"orientation\":\"landscape\"},\"medium\":{\"height\":300,\"width\":200,\"url\":\"https:\/\/allfoto.pl\/wp-content\/uploads\/2025\/11\/A7302460-200x300.jpg\",\"orientation\":\"portrait\"},\"large\":{\"height\":1024,\"width\":683,\"url\":\"https:\/\/allfoto.pl\/wp-content\/uploads\/2025\/11\/A7302460-683x1024.jpg\",\"orientation\":\"portrait\"},\"full\":{\"url\":\"https:\/\/allfoto.pl\/wp-content\/uploads\/2025\/11\/A7302460.jpg\",\"height\":2048,\"width\":1365,\"orientation\":\"portrait\"}},\"imageMeta\":{\"aperture\":\"1.8\",\"credit\":\"\",\"camera\":\"ILCE-7M3\",\"caption\":\"\",\"created_timestamp\":\"1613907669\",\"copyright\":\"\",\"focal_length\":\"85\",\"iso\":\"100\",\"shutter_speed\":\"0.00125\",\"title\":\"\",\"orientation\":\"0\",\"keywords\":[]},\"meta\":false,\"postlink\":\"https:\/\/allfoto.pl\/index.php\/pgc_simply_gallery\/fotografia-slubna\/a7302460-3\/\"},{\"id\":113,\"title\":\"A7302450\",\"url\":\"https:\/\/allfoto.pl\/wp-content\/uploads\/2025\/11\/A7302450.jpg\",\"link\":\"https:\/\/allfoto.pl\/index.php\/pgc_simply_gallery\/fotografia-slubna\/a7302450\/\",\"alt\":\"\",\"description\":\"\",\"caption\":\"\",\"mime\":\"image\/jpeg\",\"type\":\"image\",\"width\":1365,\"height\":2048,\"sizes\":{\"thumbnail\":{\"height\":150,\"width\":150,\"url\":\"https:\/\/allfoto.pl\/wp-content\/uploads\/2025\/11\/A7302450-150x150.jpg\",\"orientation\":\"landscape\"},\"medium\":{\"height\":300,\"width\":200,\"url\":\"https:\/\/allfoto.pl\/wp-content\/uploads\/2025\/11\/A7302450-200x300.jpg\",\"orientation\":\"portrait\"},\"large\":{\"height\":1024,\"width\":683,\"url\":\"https:\/\/allfoto.pl\/wp-content\/uploads\/2025\/11\/A7302450-683x1024.jpg\",\"orientation\":\"portrait\"},\"full\":{\"url\":\"https:\/\/allfoto.pl\/wp-content\/uploads\/2025\/11\/A7302450.jpg\",\"height\":2048,\"width\":1365,\"orientation\":\"portrait\"}},\"imageMeta\":{\"aperture\":\"1.8\",\"credit\":\"\",\"camera\":\"ILCE-7M3\",\"caption\":\"\",\"created_timestamp\":\"1613907592\",\"copyright\":\"\",\"focal_length\":\"85\",\"iso\":\"100\",\"shutter_speed\":\"0.00125\",\"title\":\"\",\"orientation\":\"0\",\"keywords\":[]},\"meta\":false,\"postlink\":\"https:\/\/allfoto.pl\/index.php\/pgc_simply_gallery\/fotografia-slubna\/a7302450\/\"},{\"id\":112,\"title\":\"A7302396\",\"url\":\"https:\/\/allfoto.pl\/wp-content\/uploads\/2025\/11\/A7302396.jpg\",\"link\":\"https:\/\/allfoto.pl\/index.php\/pgc_simply_gallery\/fotografia-slubna\/a7302396\/\",\"alt\":\"\",\"description\":\"\",\"caption\":\"\",\"mime\":\"image\/jpeg\",\"type\":\"image\",\"width\":2048,\"height\":1365,\"sizes\":{\"thumbnail\":{\"height\":150,\"width\":150,\"url\":\"https:\/\/allfoto.pl\/wp-content\/uploads\/2025\/11\/A7302396-150x150.jpg\",\"orientation\":\"landscape\"},\"medium\":{\"height\":200,\"width\":300,\"url\":\"https:\/\/allfoto.pl\/wp-content\/uploads\/2025\/11\/A7302396-300x200.jpg\",\"orientation\":\"landscape\"},\"large\":{\"height\":683,\"width\":1024,\"url\":\"https:\/\/allfoto.pl\/wp-content\/uploads\/2025\/11\/A7302396-1024x683.jpg\",\"orientation\":\"landscape\"},\"full\":{\"url\":\"https:\/\/allfoto.pl\/wp-content\/uploads\/2025\/11\/A7302396.jpg\",\"height\":1365,\"width\":2048,\"orientation\":\"landscape\"}},\"imageMeta\":{\"aperture\":\"0\",\"credit\":\"\",\"camera\":\"\",\"caption\":\"\",\"created_timestamp\":\"0\",\"copyright\":\"\",\"focal_length\":\"0\",\"iso\":\"0\",\"shutter_speed\":\"0\",\"title\":\"\",\"orientation\":\"0\",\"keywords\":[]},\"meta\":false,\"postlink\":\"https:\/\/allfoto.pl\/index.php\/pgc_simply_gallery\/fotografia-slubna\/a7302396\/\"},{\"id\":111,\"title\":\"A7302386\",\"url\":\"https:\/\/allfoto.pl\/wp-content\/uploads\/2025\/11\/A7302386.jpg\",\"link\":\"https:\/\/allfoto.pl\/index.php\/pgc_simply_gallery\/fotografia-slubna\/a7302386\/\",\"alt\":\"\",\"description\":\"\",\"caption\":\"\",\"mime\":\"image\/jpeg\",\"type\":\"image\",\"width\":2048,\"height\":1365,\"sizes\":{\"thumbnail\":{\"height\":150,\"width\":150,\"url\":\"https:\/\/allfoto.pl\/wp-content\/uploads\/2025\/11\/A7302386-150x150.jpg\",\"orientation\":\"landscape\"},\"medium\":{\"height\":200,\"width\":300,\"url\":\"https:\/\/allfoto.pl\/wp-content\/uploads\/2025\/11\/A7302386-300x200.jpg\",\"orientation\":\"landscape\"},\"large\":{\"height\":683,\"width\":1024,\"url\":\"https:\/\/allfoto.pl\/wp-content\/uploads\/2025\/11\/A7302386-1024x683.jpg\",\"orientation\":\"landscape\"},\"full\":{\"url\":\"https:\/\/allfoto.pl\/wp-content\/uploads\/2025\/11\/A7302386.jpg\",\"height\":1365,\"width\":2048,\"orientation\":\"landscape\"}},\"imageMeta\":{\"aperture\":\"0\",\"credit\":\"\",\"camera\":\"\",\"caption\":\"\",\"created_timestamp\":\"1621202372\",\"copyright\":\"\",\"focal_length\":\"0\",\"iso\":\"0\",\"shutter_speed\":\"0\",\"title\":\"\",\"orientation\":\"0\",\"keywords\":[]},\"meta\":false,\"postlink\":\"https:\/\/allfoto.pl\/index.php\/pgc_simply_gallery\/fotografia-slubna\/a7302386\/\"},{\"id\":110,\"title\":\"B_M0397\",\"url\":\"https:\/\/allfoto.pl\/wp-content\/uploads\/2025\/11\/B_M0397-1.jpg\",\"link\":\"https:\/\/allfoto.pl\/index.php\/pgc_simply_gallery\/fotografia-slubna\/b_m0397-2\/\",\"alt\":\"\",\"description\":\"\",\"caption\":\"\",\"mime\":\"image\/jpeg\",\"type\":\"image\",\"width\":2048,\"height\":1367,\"sizes\":{\"thumbnail\":{\"height\":150,\"width\":150,\"url\":\"https:\/\/allfoto.pl\/wp-content\/uploads\/2025\/11\/B_M0397-1-150x150.jpg\",\"orientation\":\"landscape\"},\"medium\":{\"height\":200,\"width\":300,\"url\":\"https:\/\/allfoto.pl\/wp-content\/uploads\/2025\/11\/B_M0397-1-300x200.jpg\",\"orientation\":\"landscape\"},\"large\":{\"height\":684,\"width\":1024,\"url\":\"https:\/\/allfoto.pl\/wp-content\/uploads\/2025\/11\/B_M0397-1-1024x684.jpg\",\"orientation\":\"landscape\"},\"full\":{\"url\":\"https:\/\/allfoto.pl\/wp-content\/uploads\/2025\/11\/B_M0397-1.jpg\",\"height\":1367,\"width\":2048,\"orientation\":\"landscape\"}},\"imageMeta\":{\"aperture\":\"0\",\"credit\":\"ALEKSANDER LACHOWICZ\",\"camera\":\"\",\"caption\":\"\",\"created_timestamp\":\"1569421663\",\"copyright\":\"\",\"focal_length\":\"0\",\"iso\":\"0\",\"shutter_speed\":\"0\",\"title\":\"\",\"orientation\":\"0\",\"keywords\":[]},\"meta\":false,\"postlink\":\"https:\/\/allfoto.pl\/index.php\/pgc_simply_gallery\/fotografia-slubna\/b_m0397-2\/\"}],\"itemsMetaDataCollection\":[]}<\/script><script>(function(){if(window.PGC_SGB && window.PGC_SGB.searcher){window.PGC_SGB.searcher.initBlocks()}})()<\/script><\/div>","protected":false},"featured_media":0,"comment_status":"open","ping_status":"closed","template":"","pgc_simply_category":[],"class_list":["post-103","pgc_simply_gallery","type-pgc_simply_gallery","status-publish","hentry"],"yoast_head":"<!-- This site is optimized with the Yoast SEO plugin v27.3 - https:\/\/yoast.com\/product\/yoast-seo-wordpress\/ -->\n<title>Fotografia \u015alubna - allfoto.pl<\/title>\n<meta name=\"robots\" content=\"index, follow, max-snippet:-1, max-image-preview:large, max-video-preview:-1\" \/>\n<link rel=\"canonical\" href=\"https:\/\/allfoto.pl\/index.php\/pgc_simply_gallery\/fotografia-slubna\/\" \/>\n<meta property=\"og:locale\" content=\"pl_PL\" \/>\n<meta property=\"og:type\" content=\"article\" \/>\n<meta property=\"og:title\" content=\"Fotografia \u015alubna - allfoto.pl\" \/>\n<meta property=\"og:url\" content=\"https:\/\/allfoto.pl\/index.php\/pgc_simply_gallery\/fotografia-slubna\/\" \/>\n<meta property=\"og:site_name\" content=\"allfoto.pl\" \/>\n<meta property=\"article:modified_time\" content=\"2025-11-28T15:28:46+00:00\" \/>\n<meta property=\"og:image\" content=\"https:\/\/allfoto.pl\/wp-content\/uploads\/2025\/11\/KM20180055-684x1024.jpg\" \/>\n<meta name=\"twitter:card\" content=\"summary_large_image\" \/>\n<script type=\"application\/ld+json\" class=\"yoast-schema-graph\">{\"@context\":\"https:\\\/\\\/schema.org\",\"@graph\":[{\"@type\":\"WebPage\",\"@id\":\"https:\\\/\\\/allfoto.pl\\\/index.php\\\/pgc_simply_gallery\\\/fotografia-slubna\\\/\",\"url\":\"https:\\\/\\\/allfoto.pl\\\/index.php\\\/pgc_simply_gallery\\\/fotografia-slubna\\\/\",\"name\":\"Fotografia \u015alubna - allfoto.pl\",\"isPartOf\":{\"@id\":\"https:\\\/\\\/allfoto.pl\\\/#website\"},\"primaryImageOfPage\":{\"@id\":\"https:\\\/\\\/allfoto.pl\\\/index.php\\\/pgc_simply_gallery\\\/fotografia-slubna\\\/#primaryimage\"},\"image\":{\"@id\":\"https:\\\/\\\/allfoto.pl\\\/index.php\\\/pgc_simply_gallery\\\/fotografia-slubna\\\/#primaryimage\"},\"thumbnailUrl\":\"https:\\\/\\\/allfoto.pl\\\/wp-content\\\/uploads\\\/2025\\\/11\\\/KM20180055-684x1024.jpg\",\"datePublished\":\"2025-11-28T13:40:32+00:00\",\"dateModified\":\"2025-11-28T15:28:46+00:00\",\"breadcrumb\":{\"@id\":\"https:\\\/\\\/allfoto.pl\\\/index.php\\\/pgc_simply_gallery\\\/fotografia-slubna\\\/#breadcrumb\"},\"inLanguage\":\"pl-PL\",\"potentialAction\":[{\"@type\":\"ReadAction\",\"target\":[\"https:\\\/\\\/allfoto.pl\\\/index.php\\\/pgc_simply_gallery\\\/fotografia-slubna\\\/\"]}]},{\"@type\":\"ImageObject\",\"inLanguage\":\"pl-PL\",\"@id\":\"https:\\\/\\\/allfoto.pl\\\/index.php\\\/pgc_simply_gallery\\\/fotografia-slubna\\\/#primaryimage\",\"url\":\"https:\\\/\\\/allfoto.pl\\\/wp-content\\\/uploads\\\/2025\\\/11\\\/KM20180055.jpg\",\"contentUrl\":\"https:\\\/\\\/allfoto.pl\\\/wp-content\\\/uploads\\\/2025\\\/11\\\/KM20180055.jpg\",\"width\":1367,\"height\":2048},{\"@type\":\"BreadcrumbList\",\"@id\":\"https:\\\/\\\/allfoto.pl\\\/index.php\\\/pgc_simply_gallery\\\/fotografia-slubna\\\/#breadcrumb\",\"itemListElement\":[{\"@type\":\"ListItem\",\"position\":1,\"name\":\"Strona g\u0142\u00f3wna\",\"item\":\"https:\\\/\\\/allfoto.pl\\\/\"},{\"@type\":\"ListItem\",\"position\":2,\"name\":\"SimpLy Galleries\",\"item\":\"https:\\\/\\\/allfoto.pl\\\/index.php\\\/simply_galleries\\\/\"},{\"@type\":\"ListItem\",\"position\":3,\"name\":\"Fotografia \u015alubna\"}]},{\"@type\":\"WebSite\",\"@id\":\"https:\\\/\\\/allfoto.pl\\\/#website\",\"url\":\"https:\\\/\\\/allfoto.pl\\\/\",\"name\":\"allfoto.pl \u2013 Fotograf \u015blubny Krak\u00f3w\",\"description\":\"Fotografia \u015blubna i portretowa \u2013 Krak\u00f3w i okolice\",\"publisher\":{\"@id\":\"https:\\\/\\\/allfoto.pl\\\/#organization\"},\"alternateName\":\"allfoto Fotografia\",\"potentialAction\":[{\"@type\":\"SearchAction\",\"target\":{\"@type\":\"EntryPoint\",\"urlTemplate\":\"https:\\\/\\\/allfoto.pl\\\/?s={search_term_string}\"},\"query-input\":{\"@type\":\"PropertyValueSpecification\",\"valueRequired\":true,\"valueName\":\"search_term_string\"}}],\"inLanguage\":\"pl-PL\"},{\"@type\":\"Organization\",\"@id\":\"https:\\\/\\\/allfoto.pl\\\/#organization\",\"name\":\"allfoto.pl \u2013 Fotograf \u015blubny Krak\u00f3w\",\"url\":\"https:\\\/\\\/allfoto.pl\\\/\",\"logo\":{\"@type\":\"ImageObject\",\"inLanguage\":\"pl-PL\",\"@id\":\"https:\\\/\\\/allfoto.pl\\\/#\\\/schema\\\/logo\\\/image\\\/\",\"url\":\"https:\\\/\\\/allfoto.pl\\\/wp-content\\\/uploads\\\/2025\\\/10\\\/Logo-po-edycji-wektor-czarny-scaled.png\",\"contentUrl\":\"https:\\\/\\\/allfoto.pl\\\/wp-content\\\/uploads\\\/2025\\\/10\\\/Logo-po-edycji-wektor-czarny-scaled.png\",\"width\":2560,\"height\":1032,\"caption\":\"allfoto.pl \u2013 Fotograf \u015blubny Krak\u00f3w\"},\"image\":{\"@id\":\"https:\\\/\\\/allfoto.pl\\\/#\\\/schema\\\/logo\\\/image\\\/\"}}]}<\/script>\n<!-- \/ Yoast SEO plugin. -->","yoast_head_json":{"title":"Fotografia \u015alubna - allfoto.pl","robots":{"index":"index","follow":"follow","max-snippet":"max-snippet:-1","max-image-preview":"max-image-preview:large","max-video-preview":"max-video-preview:-1"},"canonical":"https:\/\/allfoto.pl\/index.php\/pgc_simply_gallery\/fotografia-slubna\/","og_locale":"pl_PL","og_type":"article","og_title":"Fotografia \u015alubna - allfoto.pl","og_url":"https:\/\/allfoto.pl\/index.php\/pgc_simply_gallery\/fotografia-slubna\/","og_site_name":"allfoto.pl","article_modified_time":"2025-11-28T15:28:46+00:00","og_image":[{"url":"https:\/\/allfoto.pl\/wp-content\/uploads\/2025\/11\/KM20180055-684x1024.jpg","type":"","width":"","height":""}],"twitter_card":"summary_large_image","schema":{"@context":"https:\/\/schema.org","@graph":[{"@type":"WebPage","@id":"https:\/\/allfoto.pl\/index.php\/pgc_simply_gallery\/fotografia-slubna\/","url":"https:\/\/allfoto.pl\/index.php\/pgc_simply_gallery\/fotografia-slubna\/","name":"Fotografia \u015alubna - allfoto.pl","isPartOf":{"@id":"https:\/\/allfoto.pl\/#website"},"primaryImageOfPage":{"@id":"https:\/\/allfoto.pl\/index.php\/pgc_simply_gallery\/fotografia-slubna\/#primaryimage"},"image":{"@id":"https:\/\/allfoto.pl\/index.php\/pgc_simply_gallery\/fotografia-slubna\/#primaryimage"},"thumbnailUrl":"https:\/\/allfoto.pl\/wp-content\/uploads\/2025\/11\/KM20180055-684x1024.jpg","datePublished":"2025-11-28T13:40:32+00:00","dateModified":"2025-11-28T15:28:46+00:00","breadcrumb":{"@id":"https:\/\/allfoto.pl\/index.php\/pgc_simply_gallery\/fotografia-slubna\/#breadcrumb"},"inLanguage":"pl-PL","potentialAction":[{"@type":"ReadAction","target":["https:\/\/allfoto.pl\/index.php\/pgc_simply_gallery\/fotografia-slubna\/"]}]},{"@type":"ImageObject","inLanguage":"pl-PL","@id":"https:\/\/allfoto.pl\/index.php\/pgc_simply_gallery\/fotografia-slubna\/#primaryimage","url":"https:\/\/allfoto.pl\/wp-content\/uploads\/2025\/11\/KM20180055.jpg","contentUrl":"https:\/\/allfoto.pl\/wp-content\/uploads\/2025\/11\/KM20180055.jpg","width":1367,"height":2048},{"@type":"BreadcrumbList","@id":"https:\/\/allfoto.pl\/index.php\/pgc_simply_gallery\/fotografia-slubna\/#breadcrumb","itemListElement":[{"@type":"ListItem","position":1,"name":"Strona g\u0142\u00f3wna","item":"https:\/\/allfoto.pl\/"},{"@type":"ListItem","position":2,"name":"SimpLy Galleries","item":"https:\/\/allfoto.pl\/index.php\/simply_galleries\/"},{"@type":"ListItem","position":3,"name":"Fotografia \u015alubna"}]},{"@type":"WebSite","@id":"https:\/\/allfoto.pl\/#website","url":"https:\/\/allfoto.pl\/","name":"allfoto.pl \u2013 Fotograf \u015blubny Krak\u00f3w","description":"Fotografia \u015blubna i portretowa \u2013 Krak\u00f3w i okolice","publisher":{"@id":"https:\/\/allfoto.pl\/#organization"},"alternateName":"allfoto Fotografia","potentialAction":[{"@type":"SearchAction","target":{"@type":"EntryPoint","urlTemplate":"https:\/\/allfoto.pl\/?s={search_term_string}"},"query-input":{"@type":"PropertyValueSpecification","valueRequired":true,"valueName":"search_term_string"}}],"inLanguage":"pl-PL"},{"@type":"Organization","@id":"https:\/\/allfoto.pl\/#organization","name":"allfoto.pl \u2013 Fotograf \u015blubny Krak\u00f3w","url":"https:\/\/allfoto.pl\/","logo":{"@type":"ImageObject","inLanguage":"pl-PL","@id":"https:\/\/allfoto.pl\/#\/schema\/logo\/image\/","url":"https:\/\/allfoto.pl\/wp-content\/uploads\/2025\/10\/Logo-po-edycji-wektor-czarny-scaled.png","contentUrl":"https:\/\/allfoto.pl\/wp-content\/uploads\/2025\/10\/Logo-po-edycji-wektor-czarny-scaled.png","width":2560,"height":1032,"caption":"allfoto.pl \u2013 Fotograf \u015blubny Krak\u00f3w"},"image":{"@id":"https:\/\/allfoto.pl\/#\/schema\/logo\/image\/"}}]}},"_links":{"self":[{"href":"https:\/\/allfoto.pl\/index.php\/wp-json\/wp\/v2\/pgc_simply_gallery\/103","targetHints":{"allow":["GET"]}}],"collection":[{"href":"https:\/\/allfoto.pl\/index.php\/wp-json\/wp\/v2\/pgc_simply_gallery"}],"about":[{"href":"https:\/\/allfoto.pl\/index.php\/wp-json\/wp\/v2\/types\/pgc_simply_gallery"}],"replies":[{"embeddable":true,"href":"https:\/\/allfoto.pl\/index.php\/wp-json\/wp\/v2\/comments?post=103"}],"wp:attachment":[{"href":"https:\/\/allfoto.pl\/index.php\/wp-json\/wp\/v2\/media?parent=103"}],"wp:term":[{"taxonomy":"pgc_simply_category","embeddable":true,"href":"https:\/\/allfoto.pl\/index.php\/wp-json\/wp\/v2\/pgc_simply_category?post=103"}],"curies":[{"name":"wp","href":"https:\/\/api.w.org\/{rel}","templated":true}]}}